{"id":2150,"date":"2024-06-07T12:53:45","date_gmt":"2024-06-07T10:53:45","guid":{"rendered":"https:\/\/innosciencelab.com\/?page_id=2150"},"modified":"2026-04-07T10:51:29","modified_gmt":"2026-04-07T08:51:29","slug":"publications","status":"publish","type":"page","link":"https:\/\/innosciencelab.com\/hu\/publications\/","title":{"rendered":"Publik\u00e1ci\u00f3k"},"content":{"rendered":"<style>.wp-block-kadence-advancedheading.kt-adv-heading2150_c5f604-83, .wp-block-kadence-advancedheading.kt-adv-heading2150_c5f604-83[data-kb-block=\"kb-adv-heading2150_c5f604-83\"]{text-align:center;font-size:var(--global-kb-font-size-xl, 3rem);font-style:normal;}.wp-block-kadence-advancedheading.kt-adv-heading2150_c5f604-83 mark.kt-highlight, .wp-block-kadence-advancedheading.kt-adv-heading2150_c5f604-83[data-kb-block=\"kb-adv-heading2150_c5f604-83\"] mark.kt-highlight{font-style:normal;color:#f76a0c;-webkit-box-decoration-break:clone;box-decoration-break:clone;padding-top:0px;padding-right:0px;padding-bottom:0px;padding-left:0px;}<\/style>\n<h2 class=\"kt-adv-heading2150_c5f604-83 wp-block-kadence-advancedheading\" data-kb-block=\"kb-adv-heading2150_c5f604-83\">Publik\u00e1ci\u00f3k<\/h2>\n\n\n<style>.kadence-column2150_8dc4db-1c > .kt-inside-inner-col,.kadence-column2150_8dc4db-1c > .kt-inside-inner-col:before{border-top-left-radius:0px;border-top-right-radius:0px;border-bottom-right-radius:0px;border-bottom-left-radius:0px;}.kadence-column2150_8dc4db-1c > .kt-inside-inner-col{column-gap:var(--global-kb-gap-sm, 1rem);}.kadence-column2150_8dc4db-1c > .kt-inside-inner-col{flex-direction:column;}.kadence-column2150_8dc4db-1c > .kt-inside-inner-col > .aligncenter{width:100%;}.kadence-column2150_8dc4db-1c > .kt-inside-inner-col:before{opacity:0.3;}.kadence-column2150_8dc4db-1c{position:relative;}@media all and (max-width: 1024px){.kadence-column2150_8dc4db-1c > .kt-inside-inner-col{flex-direction:column;justify-content:center;}}@media all and (max-width: 767px){.kadence-column2150_8dc4db-1c > .kt-inside-inner-col{flex-direction:column;justify-content:center;}}<\/style>\n<div class=\"wp-block-kadence-column kadence-column2150_8dc4db-1c\"><div class=\"kt-inside-inner-col\"><style>.wp-block-kadence-advancedheading.kt-adv-heading2150_de6625-1e, .wp-block-kadence-advancedheading.kt-adv-heading2150_de6625-1e[data-kb-block=\"kb-adv-heading2150_de6625-1e\"]{text-align:center;font-size:var(--global-kb-font-size-lg, 2rem);font-style:normal;}.wp-block-kadence-advancedheading.kt-adv-heading2150_de6625-1e mark.kt-highlight, .wp-block-kadence-advancedheading.kt-adv-heading2150_de6625-1e[data-kb-block=\"kb-adv-heading2150_de6625-1e\"] mark.kt-highlight{font-style:normal;color:#f76a0c;-webkit-box-decoration-break:clone;box-decoration-break:clone;padding-top:0px;padding-right:0px;padding-bottom:0px;padding-left:0px;}<\/style>\n<h4 class=\"kt-adv-heading2150_de6625-1e wp-block-kadence-advancedheading\" data-kb-block=\"kb-adv-heading2150_de6625-1e\">2025<\/h4>\n\n\n\n<!-- 2025 Publications -->\n<div class=\"publication\">\n    <h3><a href=\"https:\/\/doi.org\/10.3390\/brainsci15080881\" target=\"_blank\" rel=\"noopener\">TARP\u03b32-Derived Peptide Enhances Early-Phase Long-Term Potentiation and Impairs Memory Retention in Male Rats<\/a><\/h3>\n    <p><strong>Szerz\u0151k:<\/strong> Dominik M\u00e1ty\u00e1s, Vanda Tukacs, Vilmos T\u00f3th, P\u00e9ter Baracskay, Stef\u00e1nia Krisztina Pap, P\u00e1l Str\u00e1ner, Tr\u1ea7n Minh Hi\u1ec1n, \u00c9va Hunyadi-Guly\u00e1s, Zsuzsanna Darula, Andr\u00e1s Perczel, Katalin Adrienna K\u00e9kesi, G\u00e1bor Juh\u00e1sz<\/p>\n    <p><strong>Tudom\u00e1nyos foly\u00f3irat<\/strong> BRAIN SCIENCES<\/p>\n<\/div>\n<\/div><\/div>\n\n\n<style>.kadence-column2150_cb6824-19 > .kt-inside-inner-col,.kadence-column2150_cb6824-19 > .kt-inside-inner-col:before{border-top-left-radius:0px;border-top-right-radius:0px;border-bottom-right-radius:0px;border-bottom-left-radius:0px;}.kadence-column2150_cb6824-19 > .kt-inside-inner-col{column-gap:var(--global-kb-gap-sm, 1rem);}.kadence-column2150_cb6824-19 > .kt-inside-inner-col{flex-direction:column;}.kadence-column2150_cb6824-19 > .kt-inside-inner-col > .aligncenter{width:100%;}.kadence-column2150_cb6824-19 > .kt-inside-inner-col:before{opacity:0.3;}.kadence-column2150_cb6824-19{position:relative;}@media all and (max-width: 1024px){.kadence-column2150_cb6824-19 > .kt-inside-inner-col{flex-direction:column;justify-content:center;}}@media all and (max-width: 767px){.kadence-column2150_cb6824-19 > .kt-inside-inner-col{flex-direction:column;justify-content:center;}}<\/style>\n<div class=\"wp-block-kadence-column kadence-column2150_cb6824-19\"><div class=\"kt-inside-inner-col\"><style>.wp-block-kadence-advancedheading.kt-adv-heading2150_734e63-84, .wp-block-kadence-advancedheading.kt-adv-heading2150_734e63-84[data-kb-block=\"kb-adv-heading2150_734e63-84\"]{text-align:center;font-size:var(--global-kb-font-size-lg, 2rem);font-style:normal;}.wp-block-kadence-advancedheading.kt-adv-heading2150_734e63-84 mark.kt-highlight, .wp-block-kadence-advancedheading.kt-adv-heading2150_734e63-84[data-kb-block=\"kb-adv-heading2150_734e63-84\"] mark.kt-highlight{font-style:normal;color:#f76a0c;-webkit-box-decoration-break:clone;box-decoration-break:clone;padding-top:0px;padding-right:0px;padding-bottom:0px;padding-left:0px;}<\/style>\n<h4 class=\"kt-adv-heading2150_734e63-84 wp-block-kadence-advancedheading\" data-kb-block=\"kb-adv-heading2150_734e63-84\">2024<\/h4>\n\n\n\n<!-- 2024 Publications -->\n<div class=\"publication\">\n    <h3><a href=\"https:\/\/doi.org\/10.1186\/s12987-024-00508-w\" target=\"_blank\" rel=\"noopener\">Comparative Analysis of Hippocampal Extracellular Space Uncovers Widely Altered Peptidome upon Epileptic Seizure in Urethane-Anaesthetized Rats<\/a><\/h3>\n    <p><strong>Szerz\u0151k:<\/strong> Vanda Tukacs, D\u00e1niel Mittli, \u00c9va Hunyadi-Guly\u00e1s, Zsuzsanna Darula, G\u00e1bor Juh\u00e1sz, J\u00f3zsef Kardos, Katalin Adrienna K\u00e9kesi<\/p>\n    <p><strong>Tudom\u00e1nyos foly\u00f3irat<\/strong> FLUIDS AND BARRIERS OF THE CNS<\/p>\n<\/div>\n\n<div class=\"publication\">\n    <h3><a href=\"https:\/\/doi.org\/10.1101\/2024.05.16.594495 \" target=\"_blank\" rel=\"noopener\">Neuronal phenotype defined by transcriptome-wide bursting kinetics in pyramidal and fast-spiking cells<\/a><\/h3>\n    <p><strong>Szerz\u0151k:<\/strong> Vanda Tukacs, Eva Kristine Fladhus, D\u00e1niel Mittli, Magor L. L\u0151rincz, James Eberwine, Katalin Adrienna K\u00e9kesi, G\u00e1bor Juh\u00e1sz<\/p>\n    <p><strong>Tudom\u00e1nyos foly\u00f3irat<\/strong> BIORXIV<\/p>\n<\/div>\n<\/div><\/div>\n\n\n<style>.kadence-column2150_7dad45-66 > .kt-inside-inner-col,.kadence-column2150_7dad45-66 > .kt-inside-inner-col:before{border-top-left-radius:0px;border-top-right-radius:0px;border-bottom-right-radius:0px;border-bottom-left-radius:0px;}.kadence-column2150_7dad45-66 > .kt-inside-inner-col{column-gap:var(--global-kb-gap-sm, 1rem);}.kadence-column2150_7dad45-66 > .kt-inside-inner-col{flex-direction:column;}.kadence-column2150_7dad45-66 > .kt-inside-inner-col > .aligncenter{width:100%;}.kadence-column2150_7dad45-66 > .kt-inside-inner-col:before{opacity:0.3;}.kadence-column2150_7dad45-66{position:relative;}@media all and (max-width: 1024px){.kadence-column2150_7dad45-66 > .kt-inside-inner-col{flex-direction:column;justify-content:center;}}@media all and (max-width: 767px){.kadence-column2150_7dad45-66 > .kt-inside-inner-col{flex-direction:column;justify-content:center;}}<\/style>\n<div class=\"wp-block-kadence-column kadence-column2150_7dad45-66\"><div class=\"kt-inside-inner-col\"><style>.wp-block-kadence-advancedheading.kt-adv-heading2150_2a0c5a-76, .wp-block-kadence-advancedheading.kt-adv-heading2150_2a0c5a-76[data-kb-block=\"kb-adv-heading2150_2a0c5a-76\"]{margin-right:var(--global-kb-spacing-xl, 4rem);margin-left:var(--global-kb-spacing-xl, 4rem);text-align:center;font-size:var(--global-kb-font-size-lg, 2rem);font-style:normal;}.wp-block-kadence-advancedheading.kt-adv-heading2150_2a0c5a-76 mark.kt-highlight, .wp-block-kadence-advancedheading.kt-adv-heading2150_2a0c5a-76[data-kb-block=\"kb-adv-heading2150_2a0c5a-76\"] mark.kt-highlight{font-style:normal;color:#f76a0c;-webkit-box-decoration-break:clone;box-decoration-break:clone;padding-top:0px;padding-right:0px;padding-bottom:0px;padding-left:0px;}<\/style>\n<h4 class=\"kt-adv-heading2150_2a0c5a-76 wp-block-kadence-advancedheading\" data-kb-block=\"kb-adv-heading2150_2a0c5a-76\">2023<\/h4>\n\n\n\n<div class=\"publication\">\n    <h3><a href=\"https:\/\/doi.org\/10.1007\/s12035-023-03215-z\" target=\"_blank\" rel=\"noopener\">Chronic Cerebral Hypoperfusion-Induced Disturbed Proteostasis of Mitochondria and MAM Is Reflected in the CSF of Rats by Proteomic Analysis<\/a><\/h3>\n    <p><strong>Szerz\u0151k:<\/strong> Vanda Tukacs, D\u00e1niel Mittli, \u00c9va Hunyadi-Guly\u00e1s, D\u00e1vid Hlatky, Katalin F. Medzihradszky, Zsuzsanna Darula, Gabriella Nyitrai, Andr\u00e1s Czurk\u00f3, G\u00e1bor Juh\u00e1sz, J\u00f3zsef Kardos and Katalin Adrienna K\u00e9kesi<\/p>\n    <p><strong>Tudom\u00e1nyos foly\u00f3irat<\/strong> MOLECULAR NEUROBIOLOGY<\/p>\n<\/div>\n\n<div class=\"publication\">\n    <h3><a href=\"https:\/\/doi.org\/10.1016\/j.bbih.2023.100594\" target=\"_blank\" rel=\"noopener\">LPS-Induced Acute Neuroinflammation, Involving Interleukin-1 Beta Signaling, Leads to Proteomic, Cellular, and Network-Level Changes in the Prefrontal Cortex of Mice<\/a><\/h3>\n    <p><strong>Szerz\u0151k:<\/strong> D\u00e1niel Mittli, Vanda Tukacs, Lilla Ravasz, \u00c9va Cs\u0151sz, T\u00edmea Kozma, J\u00f3zsef Kardos, G\u00e1bor Juh\u00e1sz, Katalin Adrienna K\u00e9kesi<\/p>\n    <p><strong>Tudom\u00e1nyos foly\u00f3irat<\/strong> BRAIN BEHAVIOR IMMUNITY &#8211; HEALTH<\/p>\n<\/div>\n<\/div><\/div>\n\n\n<style>.wp-block-kadence-advancedheading.kt-adv-heading2150_d9aa15-dd, .wp-block-kadence-advancedheading.kt-adv-heading2150_d9aa15-dd[data-kb-block=\"kb-adv-heading2150_d9aa15-dd\"]{text-align:center;font-size:var(--global-kb-font-size-lg, 2rem);font-style:normal;}.wp-block-kadence-advancedheading.kt-adv-heading2150_d9aa15-dd mark.kt-highlight, .wp-block-kadence-advancedheading.kt-adv-heading2150_d9aa15-dd[data-kb-block=\"kb-adv-heading2150_d9aa15-dd\"] mark.kt-highlight{font-style:normal;color:#f76a0c;-webkit-box-decoration-break:clone;box-decoration-break:clone;padding-top:0px;padding-right:0px;padding-bottom:0px;padding-left:0px;}<\/style>\n<h4 class=\"kt-adv-heading2150_d9aa15-dd wp-block-kadence-advancedheading\" data-kb-block=\"kb-adv-heading2150_d9aa15-dd\">2022<\/h4>\n\n\n\n<div class=\"publication\">\n    <h3><a href=\"https:\/\/doi.org\/10.1007\/978-1-0716-2525-5_10\" target=\"_blank\" rel=\"noopener\">Electrophysiology and Single Cells<\/a><\/h3>\n    <p><strong>Szerz\u0151k:<\/strong> G\u00e1bor Juh\u00e1sz, D\u00e1niel Mittli, Vanda Tukacs, and Katalin Adrienna K\u00e9kesi<\/p>\n    <p><strong>Tudom\u00e1nyos foly\u00f3irat<\/strong> In Single Cell \u2018Omics of Neuronal Cells&#8217;<\/p>\n<\/div>\n\n<div class=\"publication\">\n    <h3><a href=\"https:\/\/doi.org\/10.1007\/s00018-022-04488-8\" target=\"_blank\" rel=\"noopener\">Neuronal-Specific Septin-3 Binds Atg8\/LC3B, Accumulates and Localizes to Autophagosomes during Induced Autophagy<\/a><\/h3>\n    <p><strong>Szerz\u0151k:<\/strong> Vilmos T\u00f3th, Henrietta Vad\u00e1szi, Lilla Ravasz, D\u00e1niel Mittli, Dominik M\u00e1ty\u00e1s, Tam\u00e1s Moln\u00e1r, Andr\u00e1s Micsonai, Tam\u00e1s Szaniszl\u00f3, P\u00e9ter L\u0151rincz, R\u00e9ka \u00c1. Kov\u00e1cs, T\u00fcnde Juh\u00e1sz, Tam\u00e1s Beke-Somfai, G\u00e1bor Juh\u00e1sz, Bal\u00e1zs Andr\u00e1s Gy\u00f6rffy, Katalin Adrienna K\u00e9kesi and J\u00f3zsef Kardos<\/p>\n    <p><strong>Tudom\u00e1nyos foly\u00f3irat<\/strong> CELLULAR AND MOLECULAR LIFE SCIENCES<\/p>\n<\/div>\n\n<div class=\"publication\">\n    <h3><a href=\"https:\/\/doi.org\/10.1016\/j.jbc.2022.102113\" target=\"_blank\" rel=\"noopener\">Competitive Inhibition of the Classical Complement Pathway Using Exogenous Single-Chain C1q Recognition Proteins<\/a><\/h3>\n    <p><strong>Szerz\u0151k:<\/strong> Henrietta Vad\u00e1szi, Bence Kiss, Andr\u00e1s Micsonai, Gitta Schlosser, Tam\u00e1s Szaniszl\u00f3, R\u00e9ka \u00c1. Kov\u00e1cs, Bal\u00e1zs Andr\u00e1s Gy\u00f6rffy, Katalin Adrienna K\u00e9kesi, Yuji Goto, Barbara Uzonyi, K\u00e1roly Liliom, J\u00f3zsef Kardos<\/p>\n    <p><strong>Tudom\u00e1nyos foly\u00f3irat<\/strong> JOURNAL OF BIOLOGICAL CHEMISTRY (7)<\/p>\n<\/div>\n\n<div class=\"publication\">\n    <h3><a href=\"https:\/\/doi.org\/10.1007\/s12035-021-02699-x\" target=\"_blank\" rel=\"noopener\">The Effect of Sleep Deprivation and Subsequent Recovery Period on the Synaptic Proteome of Rat Cerebral Cortex<\/a><\/h3>\n    <p><strong>Szerz\u0151k:<\/strong> P\u00e9ter Guly\u00e1ssy, Katalin Todorov-V\u00f6lgyi, Vilmos T\u00f3th, Bal\u00e1zs Andr\u00e1s Gy\u00f6rffy, Gina Puska, Attila Simor, G\u00e1bor Juh\u00e1sz, L\u00e1szl\u00f3 Drahos, and Katalin Adrienna K\u00e9kesi<\/p>\n    <p><strong>Tudom\u00e1nyos foly\u00f3irat<\/strong> MOLECULAR NEUROBIOLOGY <\/p>\n<\/div>\n\n\n<style>.wp-block-kadence-advancedheading.kt-adv-heading2150_b44abe-39, .wp-block-kadence-advancedheading.kt-adv-heading2150_b44abe-39[data-kb-block=\"kb-adv-heading2150_b44abe-39\"]{text-align:center;font-size:var(--global-kb-font-size-lg, 2rem);font-style:normal;}.wp-block-kadence-advancedheading.kt-adv-heading2150_b44abe-39 mark.kt-highlight, .wp-block-kadence-advancedheading.kt-adv-heading2150_b44abe-39[data-kb-block=\"kb-adv-heading2150_b44abe-39\"] mark.kt-highlight{font-style:normal;color:#f76a0c;-webkit-box-decoration-break:clone;box-decoration-break:clone;padding-top:0px;padding-right:0px;padding-bottom:0px;padding-left:0px;}<\/style>\n<h4 class=\"kt-adv-heading2150_b44abe-39 wp-block-kadence-advancedheading\" data-kb-block=\"kb-adv-heading2150_b44abe-39\">2021<\/h4>\n\n\n\n<div class=\"publication\">\n    <h3><a href=\"https:\/\/doi.org\/10.3389\/fimmu.2021.749433\" target=\"_blank\" rel=\"noopener\">The Single-Cell Transcriptomic Analysis of Prefrontal Pyramidal Cells and Interneurons Reveals the Neuronal Expression of Genes Encoding Antimicrobial Peptides and Immune Proteins<\/a><\/h3>\n    <p><strong>Szerz\u0151k:<\/strong> D\u00e1niel Mittli, Vanda Tukacs, Andr\u00e1s Micsonai, Lilla Ravasz, J\u00f3zsef Kardos, G\u00e1bor Juh\u00e1sz, and Katalin Adrienna K\u00e9kesi<\/p>\n    <p><strong>Tudom\u00e1nyos foly\u00f3irat<\/strong> FRONTIERS IN IMMUNOLOGY <\/p>\n<\/div>\n\n<div class=\"publication\">\n    <h3><a href=\"https:\/\/doi.org\/10.1016\/B978-0-12-817935-2.00023-4\" target=\"_blank\" rel=\"noopener\">The Prefrontal Cortex in Depression: Use of Proteomics<\/a><\/h3>\n    <p><strong>Szerz\u0151k:<\/strong> G\u00e1bor Juh\u00e1sz, Vanda Tukacs, D\u00e1niel Mittli, and Katalin Adrienna K\u00e9kesi<\/p>\n    <p><strong>Tudom\u00e1nyos foly\u00f3irat<\/strong> In The Neuroscience of Depression <\/p>\n<\/div>\n\n<div class=\"publication\">\n    <h3><a href=\"https:\/\/doi.org\/10.3389\/fimmu.2020.599771\" target=\"_blank\" rel=\"noopener\">Identification of Neuronal Pentraxins as Synaptic Binding Partners of C1q and the Involvement of NP1 in Synaptic Pruning in Adult Mice<\/a><\/h3>\n    <p><strong>Szerz\u0151k:<\/strong> R\u00e9ka Kov\u00e1cs, Henrietta Vad\u00e1szi, \u00c9va Buly\u00e1ki, Gy\u00f6rgy T\u00f6r\u00f6k, Vilmos T\u00f3th, Dominik M\u00e1ty\u00e1s, Judit Kun, et al.<\/p>\n    <p><strong>Tudom\u00e1nyos foly\u00f3irat<\/strong> FRONTIERS IN IMMUNOLOGY <\/p>\n<\/div>\n\n<div class=\"publication\">\n    <h3><a href=\"https:\/\/doi.org\/10.1093\/cercor\/bhaa195\" target=\"_blank\" rel=\"noopener\">Cell Surface Protein mRNAs Show Differential Transcription in Pyramidal and Fast-Spiking Cells as Revealed by Single-Cell Sequencing<\/a><\/h3>\n    <p><strong>Szerz\u0151k:<\/strong> Lilla Ravasz, Katalin Adrienna K\u00e9kesi, D\u00e1niel Mittli, Mihail Ivilinov Todorov, Zsolt Borhegyi, M\u00e1ria Ercsey-Ravasz, Botond Tyukodi, et al.<\/p>\n    <p><strong>Tudom\u00e1nyos foly\u00f3irat<\/strong> CEREBRAL CORTEX <\/p>\n<\/div>\n\n\n<style>.wp-block-kadence-advancedheading.kt-adv-heading2150_310118-64, .wp-block-kadence-advancedheading.kt-adv-heading2150_310118-64[data-kb-block=\"kb-adv-heading2150_310118-64\"]{text-align:center;font-size:var(--global-kb-font-size-lg, 2rem);font-style:normal;}.wp-block-kadence-advancedheading.kt-adv-heading2150_310118-64 mark.kt-highlight, .wp-block-kadence-advancedheading.kt-adv-heading2150_310118-64[data-kb-block=\"kb-adv-heading2150_310118-64\"] mark.kt-highlight{font-style:normal;color:#f76a0c;-webkit-box-decoration-break:clone;box-decoration-break:clone;padding-top:0px;padding-right:0px;padding-bottom:0px;padding-left:0px;}<\/style>\n<h4 class=\"kt-adv-heading2150_310118-64 wp-block-kadence-advancedheading\" data-kb-block=\"kb-adv-heading2150_310118-64\">2020<\/h4>\n\n\n\n<div class=\"publication\">\n    <h3><a href=\"https:\/\/doi.org\/10.1007\/s00726-020-02912-6\" target=\"_blank\" rel=\"noopener\">Proteomic Comparison of Different Synaptosome Preparation Procedures<\/a><\/h3>\n    <p><strong>Szerz\u0151k:<\/strong> Guly\u00e1ssy P\u00e9ter, Gina Puska, Bal\u00e1zs Andr\u00e1s Gy\u00f6rffy, Katalin Todorov-V\u00f6lgyi, G\u00e1bor Juh\u00e1sz, L\u00e1szl\u00f3 Drahos, and Katalin Adrienna K\u00e9kesi<\/p>\n    <p><strong>Tudom\u00e1nyos foly\u00f3irat<\/strong> AMINO ACIDS <\/p>\n<\/div>\n\n<div class=\"publication\">\n    <h3><a href=\"https:\/\/doi.org\/10.1038\/s41598-020-72868-w\" target=\"_blank\" rel=\"noopener\">Chronic Stepwise Cerebral Hypoperfusion Differentially Induces Synaptic Proteome Changes in the Frontal Cortex, Occipital Cortex, and Hippocampus in Rats<\/a><\/h3>\n    <p><strong>Szerz\u0151k:<\/strong> Tukacs Vanda, D\u00e1niel Mittli, Bal\u00e1zs Andr\u00e1s Gy\u00f6rffy, \u00c9va Hunyady-Guly\u00e1s, D\u00e1vid Hlatky, Vilmos T\u00f3th, Lilla Ravasz, et al.<\/p>\n    <p><strong>Tudom\u00e1nyos foly\u00f3irat<\/strong> SCIENTIFIC REPORTS <\/p>\n<\/div>\n\n<div class=\"publication\">\n    <h3><a href=\"https:\/\/doi.org\/10.1016\/j.placenta.2020.05.013\" target=\"_blank\" rel=\"noopener\">Proteomic Identification of Placental Protein 1 (PP1), PP8, and PP22 and Characterization of Their Placental Expression in Healthy Pregnancies and in Preeclampsia<\/a><\/h3>\n    <p><strong>Szerz\u0151k:<\/strong> Szabo Szilvia, Katalin Karaszi, Roberto Romero, Eszter Toth, Andras Szilagyi, Zsolt Gelencser, Yi Xu, et al.<\/p>\n    <p><strong>Tudom\u00e1nyos foly\u00f3irat<\/strong> PLACENTA <\/p>\n<\/div>\n\n<div class=\"publication\">\n    <h3><a href=\"https:\/\/doi.org\/10.1007\/s00018-020-03468-0\" target=\"_blank\" rel=\"noopener\">Synaptic Mitochondrial Dysfunction and Septin Accumulation Are Linked to Complement-Mediated Synapse Loss in an Alzheimer\u2019s Disease Animal Model<\/a><\/h3>\n    <p><strong>Szerz\u0151k:<\/strong> Bal\u00e1zs Andr\u00e1s Gy\u00f6rffy, Vilmos T\u00f3th, G. T\u00f6r\u00f6k, P. Guly\u00e1ssy, R\u00e9ka Kov\u00e1cs, H. Vad\u00e1szi, Andr\u00e1s Micsonai, et al.<\/p>\n    <p><strong>Tudom\u00e1nyos foly\u00f3irat<\/strong> CELLULAR AND MOLECULAR LIFE SCIENCES <\/p>\n<\/div>\n\n<div class=\"publication\">\n    <h3><a href=\"https:\/\/doi.org\/10.3390\/ijms21020628\" target=\"_blank\" rel=\"noopener\">Placenta-Specific Genes, Their Regulation during Villous Trophoblast Differentiation and Dysregulation in Preterm Preeclampsia<\/a><\/h3>\n    <p><strong>Szerz\u0151k:<\/strong> Szilagyi A., Zs. Gelencser, R. Romero, Y. Xu, P. Kiraly, A. Demeter, J. Palhalmi, et al.<\/p>\n    <p><strong>Tudom\u00e1nyos foly\u00f3irat<\/strong> INTERNATIONAL JOURNAL OF MOLECULAR SCIENCES <\/p>\n<\/div>\n\n\n<style>.wp-block-kadence-advancedheading.kt-adv-heading2150_cfdba5-bd, .wp-block-kadence-advancedheading.kt-adv-heading2150_cfdba5-bd[data-kb-block=\"kb-adv-heading2150_cfdba5-bd\"]{text-align:center;font-size:var(--global-kb-font-size-lg, 2rem);font-style:normal;}.wp-block-kadence-advancedheading.kt-adv-heading2150_cfdba5-bd mark.kt-highlight, .wp-block-kadence-advancedheading.kt-adv-heading2150_cfdba5-bd[data-kb-block=\"kb-adv-heading2150_cfdba5-bd\"] mark.kt-highlight{font-style:normal;color:#f76a0c;-webkit-box-decoration-break:clone;box-decoration-break:clone;padding-top:0px;padding-right:0px;padding-bottom:0px;padding-left:0px;}<\/style>\n<h4 class=\"kt-adv-heading2150_cfdba5-bd wp-block-kadence-advancedheading\" data-kb-block=\"kb-adv-heading2150_cfdba5-bd\">2019<\/h4>\n\n\n\n<div class=\"publication\">\n    <h3><a href=\"https:\/\/doi.org\/10.1007\/s11064-019-02755-y\" target=\"_blank\" rel=\"noopener\">Proteomic Analysis of the Maternal Preoptic Area in Rats<\/a><\/h3>\n    <p><strong>Szerz\u0151k:<\/strong> Udvari Edina Brigitta, Katalin V\u00f6lgyi, Katalin Adrienna K\u00e9kesi, Dorina Simon, \u00c9va Hunyadi-Guly\u00e1s, and \u00c1rp\u00e1d Dobolyi<\/p>\n    <p><strong>Tudom\u00e1nyos foly\u00f3irat<\/strong> NEUROCHEMICAL RESEARCH <\/p>\n<\/div>\n\n\n<style>.wp-block-kadence-advancedheading.kt-adv-heading2150_755728-9a, .wp-block-kadence-advancedheading.kt-adv-heading2150_755728-9a[data-kb-block=\"kb-adv-heading2150_755728-9a\"]{text-align:center;font-size:var(--global-kb-font-size-lg, 2rem);font-style:normal;}.wp-block-kadence-advancedheading.kt-adv-heading2150_755728-9a mark.kt-highlight, .wp-block-kadence-advancedheading.kt-adv-heading2150_755728-9a[data-kb-block=\"kb-adv-heading2150_755728-9a\"] mark.kt-highlight{font-style:normal;color:#f76a0c;-webkit-box-decoration-break:clone;box-decoration-break:clone;padding-top:0px;padding-right:0px;padding-bottom:0px;padding-left:0px;}<\/style>\n<h4 class=\"kt-adv-heading2150_755728-9a wp-block-kadence-advancedheading\" data-kb-block=\"kb-adv-heading2150_755728-9a\">2018<\/h4>\n\n\n\n<div class=\"publication\">\n    <h3><a href=\"https:\/\/doi.org\/10.1016\/j.eplepsyres.2018.05.013\" target=\"_blank\" rel=\"noopener\">Alterations in Hippocampal and Cortical Densities of Functionally Different Interneurons in Rat Models of Absence Epilepsy<\/a><\/h3>\n    <p><strong>Szerz\u0151k:<\/strong> Papp P, Z Kov\u00e1cs, P Szocsics, G Juh\u00e1sz, and Z Magl\u00f3czky<\/p>\n    <p><strong>Tudom\u00e1nyos foly\u00f3irat<\/strong> EPILEPSY RESEARCH <\/p>\n<\/div>\n\n<div class=\"publication\">\n    <h3><a href=\"https:\/\/doi.org\/10.1016\/j.placenta.2018.03.169\" target=\"_blank\" rel=\"noopener\">The Regulation of Gene Networks Involved in Villous Trophoblast Differentiation and Their Impairment in Preterm Preeclampsia<\/a><\/h3>\n    <p>Authors: Gelencser Z, R Romero, Y Xu, A Demeter, B Gy\u00f6rffy, K Juh\u00e1sz, J Palhalmi, et al.<\/p>\n    <p><strong>Tudom\u00e1nyos foly\u00f3irat<\/strong> PLACENTA <\/p>\n<\/div>\n\n<div class=\"publication\">\n    <h3><a href=\"https:\/\/doi.org\/10.3389\/fimmu.2018.01661\" target=\"_blank\" rel=\"noopener\">Integrated Systems Biology Approach Identifies Novel Maternal and Placental Pathways of Preeclampsia<\/a><\/h3>\n    <p>Authors: Than Nandor Gabor, Roberto Romero, Adi Laurentiu Tarca, Adrienna Katalin K\u00e9kesi, Yi Xu, Zhonghui Xu, Kata Juh\u00e1sz, et al.<\/p>\n    <p><strong>Tudom\u00e1nyos foly\u00f3irat<\/strong> FRONTIERS IN IMMUNOLOGY <\/p>\n<\/div>\n\n<div class=\"publication\">\n    <h3><a href=\"https:\/\/doi.org\/10.1073\/pnas.1722613115\" target=\"_blank\" rel=\"noopener\">Local Apoptotic-like Mechanisms Underlie Complement-Mediated Synaptic Pruning<\/a><\/h3>\n    <p><strong>Szerz\u0151k:<\/strong> Gy\u00f6rffy Bal\u00e1zs, Judit Kun, Gy\u00f6rgy T\u00f6r\u00f6k, \u00c9va Buly\u00e1ki, Zsolt Borhegyi, P\u00e9ter Guly\u00e1ssy, Viktor Kis, et al.<\/p>\n    <p><strong>Tudom\u00e1nyos foly\u00f3irat<\/strong> PROCEEDINGS OF THE NATIONAL ACADEMY OF SCIENCES OF THE UNITED STATES OF AMERICA <\/p>\n<\/div>\n\n<div class=\"publication\">\n    <h3><a href=\"https:\/\/doi.org\/10.1007\/s12035-018-0955-6\" target=\"_blank\" rel=\"noopener\">Early Presymptomatic Changes in the Proteome of Mitochondria-Associated Membrane in the APP\/PS1 Mouse Model of Alzheimer\u2019s Disease<\/a><\/h3>\n    <p><strong>Szerz\u0151k:<\/strong> V\u00f6lgyi K, K Badics, FJ Sialana, P Guly\u00e1ssy, EB Udvari, V Kis, L Drahos, G Lubec, KA K\u00e9kesi, and G Juh\u00e1sz<\/p>\n    <p><strong>Tudom\u00e1nyos foly\u00f3irat<\/strong> MOLECULAR NEUROBIOLOGY <\/p>\n<\/div>\n\n<div class=\"publication\">\n    <h3><a href=\"https:\/\/doi.org\/10.1007\/s12035-017-0641-0\" target=\"_blank\" rel=\"noopener\">Chronic Cerebral Hypoperfusion Induced Synaptic Proteome Changes in the Rat Cerebral Cortex<\/a><\/h3>\n    <p><strong>Szerz\u0151k:<\/strong> V\u00f6lgyi K, P Guly\u00e1ssy, MI Todorov, G Puska, K Badics, D Hlatky, KA K\u00e9kesi, et al.<\/p>\n    <p><strong>Tudom\u00e1nyos foly\u00f3irat<\/strong> MOLECULAR NEUROBIOLOGY <\/p>\n<\/div>\n\n\n<style>.wp-block-kadence-advancedheading.kt-adv-heading2150_c3ee6b-1e, .wp-block-kadence-advancedheading.kt-adv-heading2150_c3ee6b-1e[data-kb-block=\"kb-adv-heading2150_c3ee6b-1e\"]{text-align:center;font-size:var(--global-kb-font-size-lg, 2rem);font-style:normal;}.wp-block-kadence-advancedheading.kt-adv-heading2150_c3ee6b-1e mark.kt-highlight, .wp-block-kadence-advancedheading.kt-adv-heading2150_c3ee6b-1e[data-kb-block=\"kb-adv-heading2150_c3ee6b-1e\"] mark.kt-highlight{font-style:normal;color:#f76a0c;-webkit-box-decoration-break:clone;box-decoration-break:clone;padding-top:0px;padding-right:0px;padding-bottom:0px;padding-left:0px;}<\/style>\n<h4 class=\"kt-adv-heading2150_c3ee6b-1e wp-block-kadence-advancedheading\" data-kb-block=\"kb-adv-heading2150_c3ee6b-1e\">2017<\/h4>\n\n\n\n<div class=\"publication\">\n    <h3><a href=\"https:\/\/doi.org\/10.3389\/fnmol.2017.00036\" target=\"_blank\" rel=\"noopener\">Exogenous Ketone Supplements Reduce Anxiety-Related Behavior in Sprague-Dawley and Wistar Albino Glaxo\/Rijswijk Rats (Vol 9, 137, 2016)<\/a><\/h3>\n    <p><strong>Szerz\u0151k:<\/strong> Csilla Ari, Zsolt Kov\u00e1cs, G\u00e1bor Juh\u00e1sz, Cem Murdun, Craig R Goldhagen, Andrew P Koutnik, Angela M Poff, Shannon L Kesl, and Dominic P D\u2019Agostino<\/p>\n    <p><strong>Tudom\u00e1nyos foly\u00f3irat<\/strong> FRONTIERS IN MOLECULAR NEUROSCIENCE <\/p>\n<\/div>\n\n<div class=\"publication\">\n    <h3><a href=\"https:\/\/doi.org\/10.1016\/j.jprot.2017.03.006\" target=\"_blank\" rel=\"noopener\">Synaptic Proteome Changes in the Hypothalamus of Mother Rats<\/a><\/h3>\n    <p><strong>Szerz\u0151k:<\/strong> Udvari Edina Brigitta, Katalin V\u00f6lgyi, P\u00e9ter Guly\u00e1ssy, Di\u00e1na Dim\u00e9n, Viktor Kis, J\u00e1nos Barna, \u00c9va R\u00e9ka Szab\u00f3, Gert Lubec, G\u00e1bor Juh\u00e1sz, Katalin Adrienna K\u00e9kesi and \u00c1rp\u00e1d Dobolyi<\/p>\n    <p><strong>Tudom\u00e1nyos foly\u00f3irat<\/strong> JOURNAL OF PROTEOMICS <\/p>\n<\/div>\n\n<div class=\"publication\">\n    <h3><a href=\"https:\/\/doi.org\/10.1016\/j.mcn.2017.01.002\" target=\"_blank\" rel=\"noopener\">The Short- and Long-Term Proteomic Effects of Sleep Deprivation on the Cortical and Thalamic Synapses<\/a><\/h3>\n    <p><strong>Szerz\u0151k:<\/strong> Simor Attila, Bal\u00e1zs Andr\u00e1s Gy\u00f6rffy, P\u00e9ter Gulyassy, Katalin V\u00f6lgyi, Vilmos T\u00f3th, Mihail Ivilinov Todorov, Viktor Kis, Zsolt Borhegyi, Zolt\u00e1n Szab\u00f3, Tam\u00e1s Jan\u00e1ky, L\u00e1szl\u00f3 Drahos, G\u00e1bor Juh\u00e1sz and Katalin Adrienna K\u00e9kesi<\/p>\n    <p><strong>Tudom\u00e1nyos foly\u00f3irat<\/strong> MOLECULAR AND CELLULAR NEUROSCIENCE <\/p>\n<\/div>\n\n<div class=\"publication\">\n    <h3><a href=\"https:\/\/doi.org\/10.1016\/j.jprot.2016.06.027\" target=\"_blank\" rel=\"noopener\">Proteomic Investigation of the Prefrontal Cortex in the Rat Clomipramine Model of Depression<\/a><\/h3>\n    <p><strong>Szerz\u0151k:<\/strong> Barbara Gell\u00e9n, Katalin V\u00f6lgyi, Bal\u00e1zs Andr\u00e1s Gy\u00f6rffy, Zsuzsa Darula, \u00c9va Hunyadi-Guly\u00e1s, P\u00e9ter Baracskay, Andr\u00e1s Czurk\u00f3, Istv\u00e1n Hern\u00e1di, G\u00e1bor Juh\u00e1sz, \u00c1rp\u00e1d Dobolyi and Katalin Adrienna K\u00e9kesi<\/p>\n    <p><strong>Tudom\u00e1nyos foly\u00f3irat<\/strong> JOURNAL OF PROTEOMICS <\/p>\n<\/div>\n\n<div class=\"publication\">\n    <h3><a href=\"https:\/\/doi.org\/10.1016\/j.jprot.2016.05.013\" target=\"_blank\" rel=\"noopener\">Maternal Alterations in the Proteome of the Medial Prefrontal Cortex in Rat<\/a><\/h3>\n    <p><strong>Szerz\u0151k:<\/strong> Katalin V\u00f6lgyi, Udvari Edina Brigitta, \u00c9va R\u00e9ka Szab\u00f3, Bal\u00e1zs Andr\u00e1s Gy\u00f6rffy, \u00c9va Hunyadi-Guly\u00e1s, Katalin Medzihradszky, G\u00e1bor Juh\u00e1sz, Katalin Adrienna K\u00e9kesi, and \u00c1rp\u00e1d Dobolyi<\/p>\n    <p><strong>Tudom\u00e1nyos foly\u00f3irat<\/strong> JOURNAL OF PROTEOMICS <\/p>\n<\/div>\n\n<div class=\"publication\">\n    <h3><a href=\"https:\/\/doi.org\/10.1007\/s12035-015-9682-4\" target=\"_blank\" rel=\"noopener\">Mitochondrial Proteome Changes Correlating with \u03b2-Amyloid Accumulation<\/a><\/h3>\n    <p><strong>Szerz\u0151k:<\/strong> Katalin V\u00f6lgyi, H\u00e1den Krisztina, Kis Viktor, Guly\u00e1ssy P\u00e9ter, Kata Badics, Bal\u00e1zs Andr\u00e1s Gy\u00f6rffy, Simor Attila, Zolt\u00e1n Szab\u00f3, Tam\u00e1s Jan\u00e1ky, L\u00e1szl\u00f3 Drahos, \u00c1rp\u00e1d Dobolyi, Botond Penke, G\u00e1bor Juh\u00e1sz and Katalin Adrienna K\u00e9kesi<\/p>\n    <p><strong>Tudom\u00e1nyos foly\u00f3irat<\/strong> MOLECULAR NEUROBIOLOGY <\/p>\n<\/div>\n\n\n<style>.wp-block-kadence-advancedheading.kt-adv-heading2150_77e3cf-f3, .wp-block-kadence-advancedheading.kt-adv-heading2150_77e3cf-f3[data-kb-block=\"kb-adv-heading2150_77e3cf-f3\"]{text-align:center;font-size:var(--global-kb-font-size-lg, 2rem);font-style:normal;}.wp-block-kadence-advancedheading.kt-adv-heading2150_77e3cf-f3 mark.kt-highlight, .wp-block-kadence-advancedheading.kt-adv-heading2150_77e3cf-f3[data-kb-block=\"kb-adv-heading2150_77e3cf-f3\"] mark.kt-highlight{font-style:normal;color:#f76a0c;-webkit-box-decoration-break:clone;box-decoration-break:clone;padding-top:0px;padding-right:0px;padding-bottom:0px;padding-left:0px;}<\/style>\n<h4 class=\"kt-adv-heading2150_77e3cf-f3 wp-block-kadence-advancedheading\" data-kb-block=\"kb-adv-heading2150_77e3cf-f3\">2016<\/h4>\n\n\n\n<div class=\"publication\">\n    <h3><a href=\"https:\/\/doi.org\/10.1088\/1741-2560\/13\/2\/026025\" target=\"_blank\" rel=\"noopener\">A Silicon-Based Microelectrode Array with a Microdrive for Monitoring Brainstem Regions of Freely Moving Rats<\/a><\/h3>\n    <p><strong>Szerz\u0151k:<\/strong> M\u00e1rton, G, P Baracskay, B Cseri, B Pl\u00f3sz, G Juh\u00e1sz, Z Fekete, and A Pongr\u00e1cz<\/p>\n    <p><strong>Tudom\u00e1nyos foly\u00f3irat<\/strong> JOURNAL OF NEURAL ENGINEERING <\/p>\n<\/div>\n\n<div class=\"publication\">\n    <h3><a href=\"https:\/\/doi.org\/10.14814\/phy2.12986\" target=\"_blank\" rel=\"noopener\">Retino-Cortical Stimulus Frequency-Dependent Gamma Coupling: Evidence and Functional Implications of Oscillatory Potentials<\/a><\/h3>\n    <p><strong>Szerz\u0151k:<\/strong> Mihail I Todorov, Katalin Adrienna K\u00e9kesi, Zsolt Borhegyi, Robert Galambos, G\u00e1bor Juh\u00e1sz, and Anthony G Hudetz<\/p>\n    <p><strong>Tudom\u00e1nyos foly\u00f3irat<\/strong> PHYSIOLOGICAL REPORTS <\/p>\n<\/div>\n\n<div class=\"publication\">\n    <h3><a href=\"https:\/\/doi.org\/10.1016\/j.brainresbull.2016.05.001\" target=\"_blank\" rel=\"noopener\">Guanosine May Increase Absence Epileptic Activity by Means of A2A Adenosine Receptors in Wistar Albino Glaxo Rijswijk Rats<\/a><\/h3>\n    <p><strong>Szerz\u0151k:<\/strong> Ren\u00e1ta Krisztina Lakatos, \u00c1rp\u00e1d Dobolyi, Mihail I Todorov, Katalin Adrienna K\u00e9kesi, G\u00e1bor Juh\u00e1sz, Magdolna Aleksza, and Zsolt Kov\u00e1cs<\/p>\n    <p><strong>Tudom\u00e1nyos foly\u00f3irat<\/strong> BRAIN RESEARCH BULLETIN <\/p>\n<\/div>\n\n<div class=\"publication\">\n    <h3><a href=\"https:\/\/doi.org\/10.1016\/j.bbi.2016.04.002\" target=\"_blank\" rel=\"noopener\">Widespread Alterations in the Synaptic Proteome of the Adolescent Cerebral Cortex Following Prenatal Immune Activation in Rats<\/a><\/h3>\n    <p><strong>Szerz\u0151k:<\/strong> Bal\u00e1zs Andr\u00e1s Gy\u00f6rffy, P\u00e9ter Guly\u00e1ssy, Barbara Gell\u00e9n, Katalin V\u00f6lgyi, D\u00f3ra Madarasi, Viktor Kis, Oliv\u00e9r Ozohanics, Ildik\u00f3 Papp, P\u00e9ter Kov\u00e1cs, Gert Lubec, \u00c1rp\u00e1d Dobolyi, J\u00f3zsef Kardos, L\u00e1szl\u00f3 Drahos, G\u00e1bor Juh\u00e1sz and Katalin Adrienna K\u00e9kesi<\/p>\n    <p><strong>Tudom\u00e1nyos foly\u00f3irat<\/strong> BRAIN BEHAVIOR AND IMMUNITY <\/p>\n<\/div>\n\n\n<style>.wp-block-kadence-advancedheading.kt-adv-heading2150_d65999-cc, .wp-block-kadence-advancedheading.kt-adv-heading2150_d65999-cc[data-kb-block=\"kb-adv-heading2150_d65999-cc\"]{text-align:center;font-size:var(--global-kb-font-size-lg, 2rem);font-style:normal;}.wp-block-kadence-advancedheading.kt-adv-heading2150_d65999-cc mark.kt-highlight, .wp-block-kadence-advancedheading.kt-adv-heading2150_d65999-cc[data-kb-block=\"kb-adv-heading2150_d65999-cc\"] mark.kt-highlight{font-style:normal;color:#f76a0c;-webkit-box-decoration-break:clone;box-decoration-break:clone;padding-top:0px;padding-right:0px;padding-bottom:0px;padding-left:0px;}<\/style>\n<h4 class=\"kt-adv-heading2150_d65999-cc wp-block-kadence-advancedheading\" data-kb-block=\"kb-adv-heading2150_d65999-cc\">2015<\/h4>\n\n\n\n<div class=\"publication\">\n    <h3><a href=\"https:\/\/doi.org\/10.1016\/j.brainresbull.2015.09.003\" target=\"_blank\" rel=\"noopener\">Modulatory Effects of Inosine, Guanosine and Uridine on Lipopolysaccharide-Evoked Increase in Spike-Wave Discharge Activity in Wistar Albino Glaxo\/Rijswijk Rats<\/a><\/h3>\n    <p><strong>Szerz\u0151k:<\/strong> Zsolt Kov\u00e1cs, Katalin Adrienna K\u00e9kesi, G\u00e1bor Juh\u00e1sz, and \u00c1rp\u00e1d Dobolyi<\/p>\n    <p><strong>Tudom\u00e1nyos foly\u00f3irat<\/strong> BRAIN RESEARCH BULLETIN <\/p>\n<\/div>\n\n<div class=\"publication\">\n    <h3><a href=\"https:\/\/doi.org\/10.2174\/0929867322666150212153210\" target=\"_blank\" rel=\"noopener\">Effects of Nucleosides on Glia &#8211; Neuron Interactions Open up New Vistas in the Development of More Effective Antiepileptic Drugs<\/a><\/h3>\n    <p><strong>Szerz\u0151k:<\/strong> Zsolt Kov\u00e1cs, J\u00f3zsef Kardos, Katalin Adrienna K\u00e9kesi, G\u00e1bor Juh\u00e1sz, Ren\u00e1ta Lakatos, and L\u00e1szl\u00f3 H\u00e9ja<\/p>\n    <p><strong>Tudom\u00e1nyos foly\u00f3irat<\/strong> CURRENT MEDICINAL CHEMISTRY <\/p>\n<\/div>\n\n<div class=\"publication\">\n    <h3><a href=\"https:\/\/doi.org\/10.1016\/j.neuroscience.2015.05.054\" target=\"_blank\" rel=\"noopener\">Absence Epileptic Activity Changing Effects of Non-Adenosine Nucleoside Inosine, Guanosine and Uridine in Wistar Albino Glaxo Rijswijk Rats<\/a><\/h3>\n    <p><strong>Szerz\u0151k:<\/strong> Zsolt Kov\u00e1cs, Katalin Adrienna K\u00e9kesi, \u00c1rp\u00e1d Dobolyi, Ren\u00e1ta Lakatos, and G\u00e1bor Juh\u00e1sz<\/p>\n    <p><strong>Tudom\u00e1nyos foly\u00f3irat<\/strong> NEUROSCIENCE <\/p>\n<\/div>\n\n<div class=\"publication\">\n    <h3><a href=\"https:\/\/doi.org\/10.1016\/j.jprot.2015.03.005\" target=\"_blank\" rel=\"noopener\">Synaptic Mitochondria: A Brain Mitochondria Cluster with a Specific Proteome<\/a><\/h3>\n    <p><strong>Szerz\u0151k:<\/strong> Katalin V\u00f6lgyi, P\u00e9ter Guly\u00e1ssy, Krisztina H\u00e1den, Viktor Kis, Kata Badics, Katalin Adrienna K\u00e9kesi, Attila Simor, Bal\u00e1zs Andr\u00e1s Gy\u00f6rffy, Eszter Ang\u00e9la T\u00f3th, Gert Lubec, G\u00e1bor Juh\u00e1sz and \u00c1rp\u00e1d Dobolyi<\/p>\n    <p><strong>Tudom\u00e1nyos foly\u00f3irat<\/strong> JOURNAL OF PROTEOMICS 120: 142\u2013157<\/p>\n<\/div>\n\n<div class=\"publication\">\n    <h3><a href=\"https:\/\/doi.org\/10.2174\/1567205012666150710095035\" target=\"_blank\" rel=\"noopener\">Dysfunction of Endoplasmic Reticulum (ER) and Mitochondria (MT) in Alzheimer\u2019s Disease: The Role of the ER-MT Cross-Talk<\/a><\/h3>\n    <p><strong>Szerz\u0151k:<\/strong> Katalin V\u00f6lgyi, G\u00e1bor Juh\u00e1sz, Zsolt Kov\u00e1cs, and Botond Penke<\/p>\n    <p><strong>Tudom\u00e1nyos foly\u00f3irat<\/strong> CURRENT ALZHEIMER RESEARCH 12 (7): 655\u2013672<\/p>\n<\/div>\n\n\n<style>.wp-block-kadence-advancedheading.kt-adv-heading2150_b1dfc9-d2, .wp-block-kadence-advancedheading.kt-adv-heading2150_b1dfc9-d2[data-kb-block=\"kb-adv-heading2150_b1dfc9-d2\"]{text-align:center;font-size:var(--global-kb-font-size-lg, 2rem);font-style:normal;}.wp-block-kadence-advancedheading.kt-adv-heading2150_b1dfc9-d2 mark.kt-highlight, .wp-block-kadence-advancedheading.kt-adv-heading2150_b1dfc9-d2[data-kb-block=\"kb-adv-heading2150_b1dfc9-d2\"] mark.kt-highlight{font-style:normal;color:#f76a0c;-webkit-box-decoration-break:clone;box-decoration-break:clone;padding-top:0px;padding-right:0px;padding-bottom:0px;padding-left:0px;}<\/style>\n<h4 class=\"kt-adv-heading2150_b1dfc9-d2 wp-block-kadence-advancedheading\" data-kb-block=\"kb-adv-heading2150_b1dfc9-d2\">2014<\/h4>\n\n\n\n<div class=\"publication\">\n    <h3><a href=\"https:\/\/doi.org\/10.3389\/fnint.2014.00008\" target=\"_blank\" rel=\"noopener\">Brainstem Stimulation Augments Information Integration in the Cerebral Cortex of Desflurane-Anesthetized Rats<\/a><\/h3>\n    <p><strong>Szerz\u0151k:<\/strong> Siveshigan Pillay, Jeannette Vizuete, Xiping Liu, G\u00e1bor Juh\u00e1sz, and Anthony G. Hudetz<\/p>\n    <p><strong>Tudom\u00e1nyos foly\u00f3irat<\/strong> FRONTIERS IN INTEGRATIVE NEUROSCIENCE <\/p>\n<\/div>\n\n<div class=\"publication\">\n    <h3><a href=\"https:\/\/doi.org\/10.1002\/lsm.22268\" target=\"_blank\" rel=\"noopener\">Effects of Laser Treatment on the Expression of Cytosolic Proteins in the Synovium of Patients with Osteoarthritis<\/a><\/h3>\n    <p><strong>Szerz\u0151k:<\/strong> Kl\u00e1ra Barab\u00e1s, J\u00f3zsef Bakos, Zsuzsanna Zeitler, G\u00e9za B\u00e1lint, Erzs\u00e9bet Nagy, Tam\u00e1s Lakatos, Katalin Adrienna K\u00e9kesi, Lajos G\u00e1sp\u00e1r, and Zolt\u00e1n Szekanecz<\/p>\n    <p><strong>Tudom\u00e1nyos foly\u00f3irat<\/strong> LASERS IN SURGERY AND MEDICINE <\/p>\n<\/div>\n\n<div class=\"publication\">\n    <h3><a href=\"https:\/\/doi.org\/10.2174\/1389557514666141107120226\" target=\"_blank\" rel=\"noopener\">Non-Adenosine Nucleoside Inosine, Guanosine and Uridine as Promising Antiepileptic Drugs: A Summary of Current Literature<\/a><\/h3>\n    <p><strong>Szerz\u0151k:<\/strong> Zsolt Kov\u00e1cs, Katalin Adrienna K\u00e9kesi, G\u00e1bor Juh\u00e1sz, J Barna, L Heja, R Lakatos, and \u00c1rp\u00e1d Dobolyi<\/p>\n    <p><strong>Tudom\u00e1nyos foly\u00f3irat<\/strong> MINI-REVIEWS IN MEDICINAL CHEMISTRY <\/p>\n<\/div>\n\n<div class=\"publication\">\n    <h3><a href=\"https:\/\/doi.org\/10.1016\/j.brainresbull.2014.03.003\" target=\"_blank\" rel=\"noopener\">Lipopolysaccharide Induced Increase in Seizure Activity in Two Animal Models of Absence Epilepsy WAG\/Rij and GAERS Rats and Long Evans Rats<\/a><\/h3>\n    <p><strong>Szerz\u0151k:<\/strong> Zsolt Kov\u00e1cs, \u00c1rp\u00e1d Dobolyi, G\u00e1bor Juh\u00e1sz, and Katalin Adrienna K\u00e9kesi<\/p>\n    <p><strong>Tudom\u00e1nyos foly\u00f3irat<\/strong> BRAIN RESEARCH BULLETIN<\/p>\n<\/div>\n\n<div class=\"publication\">\n    <h3><a href=\"https:\/\/doi.org\/10.1016\/j.bbi.2013.09.001\" target=\"_blank\" rel=\"noopener\">Brain Protein Expression Changes in WAG\/Rij Rats, a Genetic Rat Model of Absence Epilepsy after Peripheral Lipopolysaccharide Treatment<\/a><\/h3>\n    <p><strong>Szerz\u0151k:<\/strong> Bal\u00e1zs Andr\u00e1s Gy\u00f6rffy, Zsolt Kov\u00e1cs, P\u00e9ter Guly\u00e1ssy, Attila Simor, Katalin V\u00f6lgyi, Gergely Orb\u00e1n, P\u00e9ter Baracskay, Zolt\u00e1n Szab\u00f3, Tam\u00e1s Jan\u00e1ky, \u00c1rp\u00e1d Dobolyi, G\u00e1bor Juh\u00e1sz, Andr\u00e1s Czurk\u00f3, and Katalin Adrienna K\u00e9kesi<\/p>\n    <p><strong>Tudom\u00e1nyos foly\u00f3irat<\/strong> BRAIN BEHAVIOR AND IMMUNITY<\/p>\n<\/div>\n\n<div class=\"publication\">\n    <h3><a href=\"https:\/\/doi.org\/10.2174\/1381612819666131119154505\" target=\"_blank\" rel=\"noopener\">The Antiepileptic Potential of Nucleosides<\/a><\/h3>\n    <p><strong>Szerz\u0151k:<\/strong> Zsolt Kov\u00e1cs, Katalin Adrienna K\u00e9kesi, G\u00e1bor Juh\u00e1sz, and \u00c1rp\u00e1d Dobolyi<\/p>\n    <p><strong>Tudom\u00e1nyos foly\u00f3irat<\/strong> CURRENT MEDICINAL CHEMISTRY<\/p>\n<\/div>\n\n<div class=\"publication\">\n    <h3><a href=\"https:\/\/doi.org\/10.2174\/0929867320666131119154018\" target=\"_blank\" rel=\"noopener\">Receptors of Peptides as Therapeutic Targets in Epilepsy Research<\/a><\/h3>\n    <p><strong>Szerz\u0151k:<\/strong> \u00c1rp\u00e1d Dobolyi, Katalin Adrienna K\u00e9kesi, G\u00e1bor Juh\u00e1sz, A D Sz\u00e9kely, G Lovas, and Z Kov\u00e1cs<\/p>\n    <p><strong>Tudom\u00e1nyos foly\u00f3irat<\/strong> CURRENT MEDICINAL CHEMISTRY<\/p>\n<\/div>\n\n\n\n<p><\/p>","protected":false},"excerpt":{"rendered":"<p>Publications 2025 TARP\u03b32-Derived Peptide Enhances Early-Phase Long-Term Potentiation and Impairs Memory Retention in Male Rats Authors: Dominik M\u00e1ty\u00e1s, Vanda Tukacs, Vilmos T\u00f3th, P\u00e9ter Baracskay, Stef\u00e1nia Krisztina Pap, P\u00e1l Str\u00e1ner, Tr\u1ea7n Minh Hi\u1ec1n, \u00c9va Hunyadi-Guly\u00e1s, Zsuzsanna Darula, Andr\u00e1s Perczel, Katalin Adrienna K\u00e9kesi, G\u00e1bor Juh\u00e1sz Journal: BRAIN SCIENCES 2024 Comparative Analysis of Hippocampal Extracellular Space Uncovers Widely&#8230;<\/p>","protected":false},"author":1,"featured_media":0,"parent":0,"menu_order":0,"comment_status":"closed","ping_status":"closed","template":"","meta":{"_acf_changed":false,"_kadence_starter_templates_imported_post":false,"_kad_post_transparent":"","_kad_post_title":"","_kad_post_layout":"","_kad_post_sidebar_id":"","_kad_post_content_style":"","_kad_post_vertical_padding":"","_kad_post_feature":"","_kad_post_feature_position":"","_kad_post_header":false,"_kad_post_footer":false,"footnotes":""},"class_list":["post-2150","page","type-page","status-publish","hentry"],"acf":[],"_links":{"self":[{"href":"https:\/\/innosciencelab.com\/hu\/wp-json\/wp\/v2\/pages\/2150","targetHints":{"allow":["GET"]}}],"collection":[{"href":"https:\/\/innosciencelab.com\/hu\/wp-json\/wp\/v2\/pages"}],"about":[{"href":"https:\/\/innosciencelab.com\/hu\/wp-json\/wp\/v2\/types\/page"}],"author":[{"embeddable":true,"href":"https:\/\/innosciencelab.com\/hu\/wp-json\/wp\/v2\/users\/1"}],"replies":[{"embeddable":true,"href":"https:\/\/innosciencelab.com\/hu\/wp-json\/wp\/v2\/comments?post=2150"}],"version-history":[{"count":82,"href":"https:\/\/innosciencelab.com\/hu\/wp-json\/wp\/v2\/pages\/2150\/revisions"}],"predecessor-version":[{"id":2899,"href":"https:\/\/innosciencelab.com\/hu\/wp-json\/wp\/v2\/pages\/2150\/revisions\/2899"}],"wp:attachment":[{"href":"https:\/\/innosciencelab.com\/hu\/wp-json\/wp\/v2\/media?parent=2150"}],"curies":[{"name":"wp","href":"https:\/\/api.w.org\/{rel}","templated":true}]}}